{"id":16,"date":"2022-09-06T23:59:08","date_gmt":"2022-09-06T23:59:08","guid":{"rendered":"https:\/\/drluisreyescolumna.com\/?page_id=16"},"modified":"2022-10-27T22:12:49","modified_gmt":"2022-10-27T22:12:49","slug":"servicios","status":"publish","type":"page","link":"https:\/\/drluisreyescolumna.com\/index.php\/servicios\/","title":{"rendered":"Servicios"},"content":{"rendered":"<p>[et_pb_section fb_built=\u00bb1&#8243; custom_padding_last_edited=\u00bbon|tablet\u00bb next_background_color=\u00bb#edeffa\u00bb admin_label=\u00bbHero\u00bb _builder_version=\u00bb4.18.0&#8243; use_background_color_gradient=\u00bbon\u00bb background_color_gradient_type=\u00bbcircular\u00bb background_color_gradient_direction_radial=\u00bbtop right\u00bb background_color_gradient_stops=\u00bbrgba(255,255,255,0) 20%|rgba(1,77,183,0.9) 100%\u00bb background_color_gradient_overlays_image=\u00bbon\u00bb background_color_gradient_start=\u00bbrgba(255,255,255,0)\u00bb background_color_gradient_start_position=\u00bb20%\u00bb background_color_gradient_end=\u00bbrgba(1,77,183,0.9)\u00bb background_image=\u00bbhttps:\/\/drluisreyescolumna.com\/wp-content\/uploads\/2022\/10\/doc.png\u00bb custom_padding=\u00bb110px|0px|160px|0px|false|false\u00bb custom_padding_tablet=\u00bb50px||50px||true\u00bb custom_padding_phone=\u00bb|||\u00bb bottom_divider_style=\u00bbasymmetric\u00bb bottom_divider_height=\u00bb50px\u00bb bottom_divider_flip=\u00bbhorizontal\u00bb bottom_divider_height_tablet=\u00bb90px\u00bb bottom_divider_height_phone=\u00bb80px\u00bb global_colors_info=\u00bb{}\u00bb][et_pb_row column_structure=\u00bb2_3,1_3&#8243; _builder_version=\u00bb4.16&#8243; custom_width_px=\u00bb1280px\u00bb global_colors_info=\u00bb{}\u00bb][et_pb_column type=\u00bb2_3&#8243; _builder_version=\u00bb4.16&#8243; custom_padding=\u00bb|||\u00bb global_colors_info=\u00bb{}\u00bb custom_padding__hover=\u00bb|||\u00bb][et_pb_text _builder_version=\u00bb4.18.0&#8243; text_font=\u00bbMontserrat||||||||\u00bb text_text_color=\u00bbrgba(255,255,255,0.7)\u00bb text_font_size=\u00bb20px\u00bb text_line_height=\u00bb1.8em\u00bb header_font=\u00bbMontserrat|700|||||||\u00bb header_font_size=\u00bb44px\u00bb header_line_height=\u00bb1.4em\u00bb header_6_font=\u00bbMontserrat|600||on|||||\u00bb header_6_text_color=\u00bbrgba(255,255,255,0.7)\u00bb header_6_font_size=\u00bb16px\u00bb header_6_letter_spacing=\u00bb2px\u00bb header_6_line_height=\u00bb1.5em\u00bb background_layout=\u00bbdark\u00bb max_width=\u00bb780px\u00bb text_font_size_tablet=\u00bb\u00bb text_font_size_phone=\u00bb15px\u00bb text_font_size_last_edited=\u00bbon|phone\u00bb header_font_size_tablet=\u00bb\u00bb header_font_size_phone=\u00bb28px\u00bb header_font_size_last_edited=\u00bbon|phone\u00bb global_colors_info=\u00bb{}\u00bb]<\/p>\n<h1 style=\"text-align: justify;\">Servicios<\/h1>\n<p style=\"text-align: justify;\">Un diagn\u00f3stico y tratamiento oportuno marca la diferencia.<\/p>\n<p>[\/et_pb_text][et_pb_button button_url=\u00bbhttps:\/\/drluisreyescolumna.com\/index.php\/contacto\/\u00bb button_text=\u00bb\u00a1Agenda ahora mismo!\u00bb _builder_version=\u00bb4.18.0&#8243; custom_button=\u00bbon\u00bb button_text_size=\u00bb14px\u00bb button_bg_color=\u00bb#ff5473&#8243; button_border_width=\u00bb12px\u00bb button_border_color=\u00bbrgba(0,0,0,0)\u00bb button_border_radius=\u00bb100px\u00bb button_font=\u00bbMontserrat|700|||||||\u00bb button_use_icon=\u00bboff\u00bb background_layout=\u00bbdark\u00bb box_shadow_style=\u00bbpreset3&#8243; button_border_radius_hover=\u00bb100px\u00bb button_bg_color_hover=\u00bb#ff6b86&#8243; global_colors_info=\u00bb{}\u00bb button_text_size__hover_enabled=\u00bboff\u00bb button_one_text_size__hover_enabled=\u00bboff\u00bb button_two_text_size__hover_enabled=\u00bboff\u00bb button_text_color__hover_enabled=\u00bboff\u00bb button_one_text_color__hover_enabled=\u00bboff\u00bb button_two_text_color__hover_enabled=\u00bboff\u00bb button_border_width__hover_enabled=\u00bboff\u00bb button_one_border_width__hover_enabled=\u00bboff\u00bb button_two_border_width__hover_enabled=\u00bboff\u00bb button_border_color__hover_enabled=\u00bboff\u00bb button_one_border_color__hover_enabled=\u00bboff\u00bb button_two_border_color__hover_enabled=\u00bboff\u00bb button_border_radius__hover_enabled=\u00bbon\u00bb button_border_radius__hover=\u00bb100px\u00bb button_one_border_radius__hover_enabled=\u00bboff\u00bb button_two_border_radius__hover_enabled=\u00bboff\u00bb button_letter_spacing__hover_enabled=\u00bboff\u00bb button_one_letter_spacing__hover_enabled=\u00bboff\u00bb button_two_letter_spacing__hover_enabled=\u00bboff\u00bb button_bg_color__hover_enabled=\u00bbon\u00bb button_bg_color__hover=\u00bb#ff6b86&#8243; button_one_bg_color__hover_enabled=\u00bboff\u00bb button_two_bg_color__hover_enabled=\u00bboff\u00bb][\/et_pb_button][\/et_pb_column][et_pb_column type=\u00bb1_3&#8243; _builder_version=\u00bb4.16&#8243; custom_padding=\u00bb|||\u00bb global_colors_info=\u00bb{}\u00bb custom_padding__hover=\u00bb|||\u00bb][\/et_pb_column][\/et_pb_row][\/et_pb_section][et_pb_section fb_built=\u00bb1&#8243; admin_label=\u00bbServices\u00bb _builder_version=\u00bb4.16&#8243; background_color=\u00bb#edeffa\u00bb custom_margin=\u00bb||-54px|||\u00bb locked=\u00bboff\u00bb global_colors_info=\u00bb{}\u00bb][et_pb_row _builder_version=\u00bb4.16&#8243; global_colors_info=\u00bb{}\u00bb][et_pb_column type=\u00bb4_4&#8243; _builder_version=\u00bb4.16&#8243; custom_padding=\u00bb|||\u00bb global_colors_info=\u00bb{}\u00bb custom_padding__hover=\u00bb|||\u00bb][et_pb_text _builder_version=\u00bb4.18.0&#8243; text_font=\u00bbMontserrat||||||||\u00bb text_font_size=\u00bb16px\u00bb text_line_height=\u00bb1.8em\u00bb link_font=\u00bbMontserrat|700|||||||\u00bb link_text_color=\u00bb#fa546d\u00bb link_font_size=\u00bb22px\u00bb link_line_height=\u00bb1.5em\u00bb header_font=\u00bb|700|||||||\u00bb header_text_color=\u00bb#0C71C3&#8243; header_2_font=\u00bbMontserrat|700|||||||\u00bb header_2_font_size=\u00bb40px\u00bb header_2_line_height=\u00bb1.4em\u00bb header_3_font=\u00bb|700|||||||\u00bb header_3_text_color=\u00bb#0C71C3&#8243; header_6_font=\u00bbMontserrat|600||on|||||\u00bb header_6_text_color=\u00bb#ffb342&#8243; header_6_font_size=\u00bb16px\u00bb header_6_letter_spacing=\u00bb2px\u00bb header_6_line_height=\u00bb1.5em\u00bb text_orientation=\u00bbcenter\u00bb max_width=\u00bb700px\u00bb max_width_last_edited=\u00bboff|desktop\u00bb module_alignment=\u00bbcenter\u00bb custom_margin=\u00bb|||\u00bb custom_padding=\u00bb|||\u00bb header_2_font_size_tablet=\u00bb\u00bb header_2_font_size_phone=\u00bb24px\u00bb header_2_font_size_last_edited=\u00bbon|phone\u00bb global_colors_info=\u00bb{}\u00bb]<\/p>\n<h1>\u00a1Que el dolor no sea parte de tu vida!<\/h1>\n<p>[\/et_pb_text][\/et_pb_column][\/et_pb_row][et_pb_row column_structure=\u00bb1_2,1_2&#8243; use_custom_gutter=\u00bbon\u00bb gutter_width=\u00bb2&#8243; _builder_version=\u00bb4.18.0&#8243; global_colors_info=\u00bb{}\u00bb][et_pb_column type=\u00bb1_2&#8243; _builder_version=\u00bb4.16&#8243; custom_padding=\u00bb|||\u00bb global_colors_info=\u00bb{}\u00bb custom_padding__hover=\u00bb|||\u00bb][et_pb_blurb title=\u00bbCONSULTA DE COLUMNA\u00bb use_icon=\u00bbon\u00bb font_icon=\u00bb&#xf0f0;||fa||900&#8243; icon_color=\u00bb#FFFFFF\u00bb image_icon_background_color=\u00bbRGBA(255,255,255,0)\u00bb image_icon_width=\u00bb70px\u00bb _builder_version=\u00bb4.18.0&#8243; header_font=\u00bbMontserrat|700|||||||\u00bb header_line_height=\u00bb1.5em\u00bb body_font=\u00bbMontserrat||||||||\u00bb body_text_color=\u00bb#000000&#8243; body_line_height=\u00bb1.8em\u00bb background_color=\u00bb#94bcf7&#8243; text_orientation=\u00bbcenter\u00bb custom_padding=\u00bb80px|30px|80px|30px|true|true\u00bb border_radii=\u00bbon|6px|6px|6px|6px\u00bb border_color_all_image=\u00bbRGBA(255,255,255,0)\u00bb box_shadow_style=\u00bbpreset1&#8243; box_shadow_vertical=\u00bb10px\u00bb box_shadow_blur=\u00bb40px\u00bb box_shadow_color=\u00bbrgba(0,0,0,0.04)\u00bb image_max_width=\u00bb70px\u00bb global_colors_info=\u00bb{}\u00bb]<\/p>\n<p style=\"text-align: justify;\">Si has intentado con varios tratamientos, diferentes soluciones que resuelvan tu dolor de espalda o cuello y has visto que estos no son satisfactorios, es tiempo que consideres ser valorado por un experto en columna vertebral. El Dr. Luis Alberto Reyes Santiago est\u00e1 dedicado en el cuidado de los padecimientos de la columna vertebral usando el conocimiento actualizado, la tecnolog\u00eda avanzada y sus a\u00f1os de experiencia en la pr\u00e1ctica m\u00e9dica en columna vertebral para su beneficio. Tiene entrenamiento en procedimientos m\u00ednimo-invasivos. <\/p>\n<p>[\/et_pb_blurb][\/et_pb_column][et_pb_column type=\u00bb1_2&#8243; _builder_version=\u00bb4.18.0&#8243; _module_preset=\u00bbdefault\u00bb global_colors_info=\u00bb{}\u00bb][et_pb_blurb title=\u00bbCONSULTA ORTOP\u00c9DICA\u00bb use_icon=\u00bbon\u00bb font_icon=\u00bb&#xf80d;||fa||900&#8243; icon_color=\u00bb#FFFFFF\u00bb image_icon_width=\u00bb70px\u00bb _builder_version=\u00bb4.18.0&#8243; header_font=\u00bbMontserrat|700|||||||\u00bb header_line_height=\u00bb1.5em\u00bb body_font=\u00bbMontserrat||||||||\u00bb body_text_color=\u00bb#000000&#8243; body_line_height=\u00bb1.8em\u00bb background_color=\u00bb#f8c4ce\u00bb text_orientation=\u00bbcenter\u00bb custom_padding=\u00bb80px|30px|80px|30px|true|true\u00bb border_radii=\u00bbon|6px|6px|6px|6px\u00bb box_shadow_style=\u00bbpreset1&#8243; box_shadow_vertical=\u00bb10px\u00bb box_shadow_blur=\u00bb40px\u00bb box_shadow_color=\u00bbrgba(0,0,0,0.04)\u00bb image_max_width=\u00bb70px\u00bb locked=\u00bboff\u00bb global_colors_info=\u00bb{}\u00bb]<\/p>\n<p style=\"text-align: justify;\">Al escuchar que alguien se queja de dolor de la espalda baja no es raro, sin embargo, para algunas personas el dolor puede ser cr\u00f3nico o agudo. Si usted sufre de dolores de espalda o cuello, persistentes o graves, puede ser el momento de ver a un especialista. Tengo una amplia experiencia y preparaci\u00f3n en el tratamiento de cualquier tipo de padecimiento. Solicite una consulta para platicar sobre su condici\u00f3n, as\u00ed como nuestras opciones de tratamiento y lo m\u00e1s importante darle un diagn\u00f3stico adecuado.<span style=\"color: #ffffff;\"><\/span><\/p>\n<p>[\/et_pb_blurb][\/et_pb_column][\/et_pb_row][et_pb_row _builder_version=\u00bb4.18.0&#8243; _module_preset=\u00bbdefault\u00bb global_colors_info=\u00bb{}\u00bb][et_pb_column type=\u00bb4_4&#8243; _builder_version=\u00bb4.18.0&#8243; _module_preset=\u00bbdefault\u00bb global_colors_info=\u00bb{}\u00bb][et_pb_text _builder_version=\u00bb4.18.0&#8243; text_font=\u00bbMontserrat||||||||\u00bb text_font_size=\u00bb16px\u00bb text_line_height=\u00bb1.8em\u00bb link_font=\u00bbMontserrat|700|||||||\u00bb link_text_color=\u00bb#fa546d\u00bb link_font_size=\u00bb22px\u00bb link_line_height=\u00bb1.5em\u00bb header_font=\u00bb|700|||||||\u00bb header_text_color=\u00bb#0C71C3&#8243; header_2_font=\u00bbMontserrat|700|||||||\u00bb header_2_font_size=\u00bb40px\u00bb header_2_line_height=\u00bb1.4em\u00bb header_3_font=\u00bb|700|||||||\u00bb header_3_text_color=\u00bb#0C71C3&#8243; header_6_font=\u00bbMontserrat|600||on|||||\u00bb header_6_text_color=\u00bb#ffb342&#8243; header_6_font_size=\u00bb16px\u00bb header_6_letter_spacing=\u00bb2px\u00bb header_6_line_height=\u00bb1.5em\u00bb text_orientation=\u00bbcenter\u00bb max_width=\u00bb700px\u00bb max_width_last_edited=\u00bboff|desktop\u00bb module_alignment=\u00bbcenter\u00bb custom_margin=\u00bb|||\u00bb custom_padding=\u00bb|||\u00bb header_2_font_size_tablet=\u00bb\u00bb header_2_font_size_phone=\u00bb24px\u00bb header_2_font_size_last_edited=\u00bbon|phone\u00bb global_colors_info=\u00bb{}\u00bb]<\/p>\n<h1>Preguntas Frecuentes<\/h1>\n<p>[\/et_pb_text][et_pb_toggle title=\u00bb\u00bfQu\u00e9 es el dolor de espalda?\u00bb open_toggle_text_color=\u00bb#FFFFFF\u00bb _builder_version=\u00bb4.18.0&#8243; _module_preset=\u00bbdefault\u00bb title_text_color=\u00bb#FFFFFF\u00bb title_font=\u00bb|700|||||||\u00bb body_text_color=\u00bb#FFFFFF\u00bb background_color=\u00bb#0C71C3&#8243; border_radii=\u00bbon|30px|30px|30px|30px\u00bb global_colors_info=\u00bb{}\u00bb]<\/p>\n<p style=\"text-align: justify;\">El dolor de espalda es muy frecuente se calcula que el 80% de las personas lo padecen en alg\u00fan momento de sus vidas. Es el trastorno musculo esquel\u00e9tico m\u00e1s com\u00fan en el mundo, se considera que los problemas de la columna son la causa m\u00e1s frecuente de limitaci\u00f3n de actividad f\u00edsica en personas menores de 45 a\u00f1os, siendo la segunda enfermedad que ocasiona m\u00e1s ausentismo laboral despu\u00e9s del resfriado com\u00fan.<\/p>\n<p>[\/et_pb_toggle][et_pb_toggle title=\u00bb\u00bfQui\u00e9nes tienen mayor predisposici\u00f3n a sufrir de dolor de espalda?\u00bb open_toggle_text_color=\u00bb#FFFFFF\u00bb _builder_version=\u00bb4.18.0&#8243; _module_preset=\u00bbdefault\u00bb title_text_color=\u00bb#FFFFFF\u00bb title_font=\u00bb|700|||||||\u00bb body_text_color=\u00bb#FFFFFF\u00bb background_color=\u00bb#0C71C3&#8243; border_radii=\u00bbon|30px|30px|30px|30px\u00bb global_colors_info=\u00bb{}\u00bb]<\/p>\n<p style=\"text-align: justify;\">Pacientes obesos, sedentarios, y en el otro extremo trabajadores que levantan frecuentemente objetos muy pesados o personas que realizar actividad f\u00edsica de impacto sin una preparaci\u00f3n previa. Se ha encontrado cierta relaci\u00f3n entre estatura superior a 1.81 metros y dolor lumbar. Tambi\u00e9n existe fuerte correlaci\u00f3n entre tabaquismo y dolor lumbar en pacientes menores de 45 a\u00f1os. Adem\u00e1s, hay una tendencia familiar a sufrir problemas de columna, de manera que el factor gen\u00e9tico es importante.<\/p>\n<p>[\/et_pb_toggle][et_pb_toggle title=\u00bb\u00bfQu\u00e9 estructuras causan dolor en la columna vertebral?\u00bb open_toggle_text_color=\u00bb#FFFFFF\u00bb _builder_version=\u00bb4.18.0&#8243; _module_preset=\u00bbdefault\u00bb title_text_color=\u00bb#FFFFFF\u00bb title_font=\u00bb|700|||||||\u00bb body_text_color=\u00bb#FFFFFF\u00bb background_color=\u00bb#0C71C3&#8243; border_radii=\u00bbon|30px|30px|30px|30px\u00bb global_colors_info=\u00bb{}\u00bb]<\/p>\n<p style=\"text-align: justify;\">La capa externa del disco intervertebral llamado anillo fibroso, las articulaciones apofisiarias o facetas articulares, los ligamentos y m\u00fasculos que rodean la columna y las ra\u00edces nerviosas que salen de la columna.<\/p>\n<p>[\/et_pb_toggle][et_pb_toggle title=\u00bb\u00bfCu\u00e1l es la causa m\u00e1s frecuente de dolor de espalda?\u00bb open_toggle_text_color=\u00bb#FFFFFF\u00bb _builder_version=\u00bb4.18.0&#8243; _module_preset=\u00bbdefault\u00bb title_text_color=\u00bb#FFFFFF\u00bb title_font=\u00bb|700|||||||\u00bb body_text_color=\u00bb#FFFFFF\u00bb background_color=\u00bb#0C71C3&#8243; border_radii=\u00bbon|30px|30px|30px|30px\u00bb global_colors_info=\u00bb{}\u00bb]<\/p>\n<p style=\"text-align: justify;\">El dolor de espalda de origen mec\u00e1nico es sin lugar a dudas la causa m\u00e1s frecuente, este es el dolor de espalda que ocurre despu\u00e9s de una actividad f\u00edsica exagerada, especialmente en pacientes sedentarios, y generalmente la causa del dolor est\u00e1 en los m\u00fasculos, ligamentos y las articulaciones de la regi\u00f3n lumbar de la columna. Generalmente es autolimitada, mejora con reposo y tratamiento analg\u00e9sico. En otros casos esta no mejora requiriendo una valoraci\u00f3n m\u00e9dica para descartar otro tipo de lesi\u00f3n.<\/p>\n<p>[\/et_pb_toggle][et_pb_toggle title=\u00bb\u00bfQu\u00e9 otras enfermedades pueden ocasionar dolor lumbar?\u00bb open_toggle_text_color=\u00bb#FFFFFF\u00bb _builder_version=\u00bb4.18.0&#8243; _module_preset=\u00bbdefault\u00bb title_text_color=\u00bb#FFFFFF\u00bb title_font=\u00bb|700|||||||\u00bb body_text_color=\u00bb#FFFFFF\u00bb background_color=\u00bb#0C71C3&#8243; border_radii=\u00bbon|30px|30px|30px|30px\u00bb global_colors_info=\u00bb{}\u00bb]<\/p>\n<p style=\"text-align: justify;\">Un rango amplio de enfermedades puede ocasionar dolor lumbar, en ocasiones el dolor no se origina en esa zona, sino que se trata de dolor referido de otros \u00f3rganos. Enfermedades renales, gastrointestinales, ginecol\u00f3gicas y vasculares pueden ocasionar dolor referido a la regi\u00f3n lumbar. Es por eso la importancia de acudir con un especialista en la columna vertebral quien descartara otras causas del dolor lumbar que no tengan origen en la columna.<\/p>\n<p>[\/et_pb_toggle][et_pb_toggle title=\u00bb\u00bfQu\u00e9 signos y s\u00edntomas del dolor lumbar puede tener una causa grave?\u00bb open_toggle_text_color=\u00bb#FFFFFF\u00bb _builder_version=\u00bb4.18.0&#8243; _module_preset=\u00bbdefault\u00bb title_text_color=\u00bb#FFFFFF\u00bb title_font=\u00bb|700|||||||\u00bb body_text_color=\u00bb#FFFFFF\u00bb background_color=\u00bb#0C71C3&#8243; border_radii=\u00bbon|30px|30px|30px|30px\u00bb global_colors_info=\u00bb{}\u00bb]<\/p>\n<p style=\"text-align: justify;\">La mayor\u00eda de dolor lumbar son de origen mec\u00e1nico y por lo general se resuelven en un plazo de dos d\u00edas a dos meses. Sin embargo, hay s\u00edntomas que nos hacen pensar que la causa puede ser mas grave. Estos s\u00edntomas son:<\/p>\n<ul>\n<li style=\"text-align: justify;\">Dolor que no cede con los cambios de posici\u00f3n y que no mejora con el reposo.<\/li>\n<li style=\"text-align: justify;\">Fiebre escalofr\u00edos y p\u00e9rdida de peso<\/li>\n<li>Dolor y rigidez mayor de 30 minutos que empeora por la ma\u00f1ana en pacientes menores de 40 a\u00f1os<\/li>\n<li style=\"text-align: justify;\">Resultados anormales del examen neurol\u00f3gico: como alteraciones de la sensibilidad o fuerza, disfunci\u00f3n vesical.<\/li>\n<li style=\"text-align: justify;\">Dolor que dura m\u00e1s de dos meses.<\/li>\n<\/ul>\n<p>[\/et_pb_toggle][et_pb_toggle title=\u00bb\u00bfQu\u00e9 es un disco?\u00bb open_toggle_text_color=\u00bb#FFFFFF\u00bb _builder_version=\u00bb4.18.0&#8243; _module_preset=\u00bbdefault\u00bb title_text_color=\u00bb#FFFFFF\u00bb title_font=\u00bb|700|||||||\u00bb body_text_color=\u00bb#FFFFFF\u00bb background_color=\u00bb#0C71C3&#8243; border_radii=\u00bbon|30px|30px|30px|30px\u00bb global_colors_info=\u00bb{}\u00bb]<\/p>\n<p style=\"text-align: justify;\">Es un sistema hidr\u00e1ulico que conserva separados los cuerpos vertebrales, una de sus principales funciones es amortiguar el impacto, distribuye las cargas de la columna, permite que las v\u00e9rtebras se muevan y mantiene el espacio necesario llamado foramen donde salen las ra\u00edces nerviosas. El disco est\u00e1 constituido por dos partes: una capa externa denominada anillo fibroso y una porci\u00f3n central llamada n\u00facleo pulposo.<\/p>\n<p>[\/et_pb_toggle][et_pb_toggle title=\u00bb\u00bfHay dolor en el disco?\u00bb open_toggle_text_color=\u00bb#FFFFFF\u00bb _builder_version=\u00bb4.18.0&#8243; _module_preset=\u00bbdefault\u00bb title_text_color=\u00bb#FFFFFF\u00bb title_font=\u00bb|700|||||||\u00bb body_text_color=\u00bb#FFFFFF\u00bb background_color=\u00bb#0C71C3&#8243; border_radii=\u00bbon|30px|30px|30px|30px\u00bb global_colors_info=\u00bb{}\u00bb]<\/p>\n<p style=\"text-align: justify;\">El disco, al cual siempre se le ha considerado como el verdadero causante del dolor lumbar, curiosamente no es el principal contribuyente de este. El contenido del disco es un material gelatinoso, en el cual no hay terminaciones nerviosas. S\u00f3lo en la capa externa o anillo fibroso existe inervaci\u00f3n.<\/p>\n<p>[\/et_pb_toggle][et_pb_toggle title=\u00bb\u00bfQu\u00e9 es un disco herniado?\u00bb open_toggle_text_color=\u00bb#FFFFFF\u00bb _builder_version=\u00bb4.18.0&#8243; _module_preset=\u00bbdefault\u00bb title_text_color=\u00bb#FFFFFF\u00bb title_font=\u00bb|700|||||||\u00bb body_text_color=\u00bb#FFFFFF\u00bb background_color=\u00bb#0C71C3&#8243; border_radii=\u00bbon|30px|30px|30px|30px\u00bb global_colors_info=\u00bb{}\u00bb]<\/p>\n<p style=\"text-align: justify;\">Cuando el disco intervertebral presiona los nervios que salen a trav\u00e9s de la columna vertebral se dice que existe una hernia discal.\u00a0 Esto se ocasiona ya que hay una ruptura del anillo fibroso lo que ocasiona que se salga el n\u00facleo pulposo el cual comprime las estructuras nerviosas de la columna ocasionando dolor. La hernia discal es considerada como una causa com\u00fan de dolor.<\/p>\n<p>[\/et_pb_toggle][et_pb_toggle title=\u00bb\u00bfPuede la depresi\u00f3n causar dolor lumbar?\u00bb open_toggle_text_color=\u00bb#FFFFFF\u00bb _builder_version=\u00bb4.18.0&#8243; _module_preset=\u00bbdefault\u00bb title_text_color=\u00bb#FFFFFF\u00bb title_font=\u00bb|700|||||||\u00bb body_text_color=\u00bb#FFFFFF\u00bb background_color=\u00bb#0C71C3&#8243; border_radii=\u00bbon|30px|30px|30px|30px\u00bb global_colors_info=\u00bb{}\u00bb]<\/p>\n<p style=\"text-align: justify;\">Si la depresi\u00f3n emocional est\u00e1 asociada a dolor lumbar, el paciente deprimido adopta una posici\u00f3n que incrementa la lordosis lumbar y ocasiona el dolor. Es por eso la importancia de un adecuado interrogatorio, revisi\u00f3n del paciente y sus estudios para identificar el origen del dolor y no realizar tratamientos innecesarios en este tipo de pacientes y ser referidos con el especialista para el tratamiento de la depresi\u00f3n.<\/p>\n<p>[\/et_pb_toggle][et_pb_toggle title=\u00bb\u00bfQu\u00e9 quiere decir los t\u00e9rminos, espondil\u00f3lisis y espondilolistesis?\u00bb open_toggle_text_color=\u00bb#FFFFFF\u00bb _builder_version=\u00bb4.18.0&#8243; _module_preset=\u00bbdefault\u00bb title_text_color=\u00bb#FFFFFF\u00bb title_font=\u00bb|700|||||||\u00bb body_text_color=\u00bb#FFFFFF\u00bb background_color=\u00bb#0C71C3&#8243; hover_enabled=\u00bb0&#8243; global_colors_info=\u00bb{}\u00bb border_radii=\u00bbon|30px|30px|30px|30px\u00bb sticky_enabled=\u00bb0&#8243;]<\/p>\n<p style=\"text-align: justify;\">La espondil\u00f3lisis es un defecto y separaci\u00f3n de la pars interarticular, este es un puente \u00f3seo que une la ap\u00f3fisis articulares superior e inferior. Espondilolistesis se refiere al desplazamiento anter\u00f3grado o subluxaci\u00f3n de una v\u00e9rtebra sobre otra. Estos padecimientos de la columna tienen diferentes causas y de acuerdo el grado de desplazamiento y las molestias que ocasionan depende el tratamiento.<\/p>\n<p>[\/et_pb_toggle][et_pb_toggle title=\u00bb\u00bfQu\u00e9 son los antiinflamatorios no esteroideos?\u00bb open_toggle_text_color=\u00bb#FFFFFF\u00bb _builder_version=\u00bb4.18.0&#8243; _module_preset=\u00bbdefault\u00bb title_text_color=\u00bb#FFFFFF\u00bb title_font=\u00bb|700|||||||\u00bb body_text_color=\u00bb#FFFFFF\u00bb background_color=\u00bb#0C71C3&#8243; hover_enabled=\u00bb0&#8243; global_colors_info=\u00bb{}\u00bb border_radii=\u00bbon|30px|30px|30px|30px\u00bb sticky_enabled=\u00bb0&#8243;]<\/p>\n<p style=\"text-align: justify;\">Los antiinflamatorios no esteroideos o AINES son medicamentos que utiliza su m\u00e9dico en el tratamiento del dolor de la columna vertebral, deben emplearse con precauci\u00f3n porque no est\u00e1n exentos de efectos secundarios, como gastritis medicamentosa, reacciones al\u00e9rgicas, lesi\u00f3n renal y otros. Estos deben de ser manejados con mayor cuidado en las personas mayores ya que sus efectos adversos se intensifican en ellos. Por eso se recomienda no auto medicarse y acudir con el especialista para conocer la causa de su dolor y recibir el tratamiento adecuado.<\/p>\n<p>[\/et_pb_toggle][et_pb_toggle title=\u00bb\u00bfEst\u00e1 indicado el uso de faja en el tratamiento del dolor lumbar?\u00bb open_toggle_text_color=\u00bb#FFFFFF\u00bb _builder_version=\u00bb4.18.0&#8243; _module_preset=\u00bbdefault\u00bb title_text_color=\u00bb#FFFFFF\u00bb title_font=\u00bb|700|||||||\u00bb body_text_color=\u00bb#FFFFFF\u00bb background_color=\u00bb#0C71C3&#8243; hover_enabled=\u00bb0&#8243; global_colors_info=\u00bb{}\u00bb border_radii=\u00bbon|30px|30px|30px|30px\u00bb sticky_enabled=\u00bb0&#8243;]<\/p>\n<p style=\"text-align: justify;\">En el dolor lumbar de origen mec\u00e1nico es \u00fatil para mejorar la postura y relajar la musculatura lumbar. Sin embargo, el us\u00f3 prolongado de una faja ocasiona atrofia de los m\u00fasculos abdominales y lumbares por lo que debe emplearse con cuidado ya que su uso inadecuado, prolongado o usar una faja no adecuada ya que existen muchos tipos de fajas, puede exacerbar el dolor, no haga un gasto innecesario comprando una faja mejor est\u00fadiese y acuda con el especialista.<\/p>\n<p>[\/et_pb_toggle][et_pb_toggle title=\u00bb\u00bfQu\u00e9 es la resonancia magn\u00e9tica nuclear?\u00bb open_toggle_text_color=\u00bb#FFFFFF\u00bb _builder_version=\u00bb4.18.0&#8243; _module_preset=\u00bbdefault\u00bb title_text_color=\u00bb#FFFFFF\u00bb title_font=\u00bb|700|||||||\u00bb body_text_color=\u00bb#FFFFFF\u00bb background_color=\u00bb#0C71C3&#8243; hover_enabled=\u00bb0&#8243; global_colors_info=\u00bb{}\u00bb border_radii=\u00bbon|30px|30px|30px|30px\u00bb sticky_enabled=\u00bb0&#8243;]<\/p>\n<p style=\"text-align: justify;\">Es un m\u00e9todo sin radiaciones que permite obtener im\u00e1genes del organismo en cualquier plano o eje. Se emplea s\u00f3lo si el diagn\u00f3stico no est\u00e1 claro o cuando los resultados de los estudios son necesarios para la atenci\u00f3n del paciente.<\/p>\n<p style=\"text-align: justify;\">Este procedimiento est\u00e1 contraindicado si usted tiene un dispositivo como marcapaso, clip aneurism\u00e1tico o implantes cocleares. Si usted tiene una pr\u00f3tesis de rodilla o cadera el procedimiento se puede realizar. Antes de realizar una resonancia se debe valorar unos estudios radiogr\u00e1ficos y de acuerdo con el resultado de estos estudios y los datos cl\u00ednicos que se haya encontrado en el paciente se determina la necesidad de realizar una resonancia magn\u00e9tica.<\/p>\n<p>[\/et_pb_toggle][et_pb_toggle title=\u00bb\u00bfEs el ejercicio importante en el tratamiento del dolor lumbar?\u00bb open_toggle_text_color=\u00bb#FFFFFF\u00bb _builder_version=\u00bb4.18.0&#8243; _module_preset=\u00bbdefault\u00bb title_text_color=\u00bb#FFFFFF\u00bb title_font=\u00bb|700|||||||\u00bb body_text_color=\u00bb#FFFFFF\u00bb background_color=\u00bb#0C71C3&#8243; hover_enabled=\u00bb0&#8243; global_colors_info=\u00bb{}\u00bb border_radii=\u00bbon|30px|30px|30px|30px\u00bb sticky_enabled=\u00bb0&#8243;]<\/p>\n<p style=\"text-align: justify;\">Si, mantener un peso adecuado y el ejercicio son importantes factores en el tratamiento del dolor lumbar. Las personas con mejor condici\u00f3n f\u00edsica tienen menos episodios de dolor lumbar. Estos ejercicios deben ser indicados por su m\u00e9dico y supervisados por personal especializado. Las posturas tambi\u00e9n son muy importantes. No se recomienda realizar ejercicios de impacto como correr brincar en pacientes con dolor lumbar ya que el impacto puede incrementar la sintomatolog\u00eda los mejores ejercicios en estos pacientes son ejercicios de no impacto como el\u00edptica, bicicleta fija, y la alberca.<\/p>\n<p>[\/et_pb_toggle][et_pb_toggle title=\u00bb\u00bfQu\u00e9 es la escoliosis?\u00bb open_toggle_text_color=\u00bb#FFFFFF\u00bb _builder_version=\u00bb4.18.0&#8243; _module_preset=\u00bbdefault\u00bb title_text_color=\u00bb#FFFFFF\u00bb title_font=\u00bb|700|||||||\u00bb body_text_color=\u00bb#FFFFFF\u00bb background_color=\u00bb#0C71C3&#8243; hover_enabled=\u00bb0&#8243; global_colors_info=\u00bb{}\u00bb border_radii=\u00bbon|30px|30px|30px|30px\u00bb sticky_enabled=\u00bb0&#8243;]<\/p>\n<p style=\"text-align: justify;\">Es una deformidad lateral de la columna vertebral. Esta acompa\u00f1ada de rotaci\u00f3n de los cuerpos vertebrales por lo que se dice que es una deformidad en los tres planos. En los ni\u00f1os o adolescentes es m\u00e1s frecuente la escoliosis idiop\u00e1tica en la cual no hay una causa conocida, el otro tipo de escoliosis es cong\u00e9nita donde hay una deformidad de los cuerpos vertebrales. En los adultos la principal causa de escoliosis es el desgaste de los cuerpos vertebrales y discos lo que va deformando la columna.<\/p>\n<p>[\/et_pb_toggle][et_pb_toggle title=\u00bb\u00bfQu\u00e9 es la estenosis lumbar?\u00bb open_toggle_text_color=\u00bb#FFFFFF\u00bb _builder_version=\u00bb4.18.0&#8243; _module_preset=\u00bbdefault\u00bb title_text_color=\u00bb#FFFFFF\u00bb title_font=\u00bb|700|||||||\u00bb body_text_color=\u00bb#FFFFFF\u00bb background_color=\u00bb#0C71C3&#8243; hover_enabled=\u00bb0&#8243; global_colors_info=\u00bb{}\u00bb border_radii=\u00bbon|30px|30px|30px|30px\u00bb sticky_enabled=\u00bb0&#8243;]<\/p>\n<p style=\"text-align: justify;\">A medida que envejecemos los discos vertebrales se deshidratan y encogen (por esta raz\u00f3n es que vemos que nuestros abuelos se hacen m\u00e1s peque\u00f1os).<\/p>\n<p style=\"text-align: justify;\">Como consecuencia de esto, las articulaciones entre las v\u00e9rtebras (articulaciones facetar\u00edas) se hipertrofian por el exceso de peso que reciben, y este crecimiento puede comprimir la medula espinal y las ra\u00edces nerviosas. En la estenosis lumbar ocurre un dolor caracter\u00edstico se produce al caminar y se alivia al sentarse. El paciente muchas veces siente el dolor referido a las piernas o caderas, y se puede confundir con artrosis de cadera o rodilla. En la columna cervical tambi\u00e9n hay estenosis por los mismos factores (disco, faceta y ligamento) causando mielopat\u00eda (enfermedad de la medula) siendo esta m\u00e1s delicada ya que se pierde fuerza movilidad afectando en un inicio brazos y posteriormente la deambulaci\u00f3n.<\/p>\n<p>[\/et_pb_toggle][et_pb_toggle title=\u00bb\u00bfQu\u00e9 es una electromiograf\u00eda?\u00bb open_toggle_text_color=\u00bb#FFFFFF\u00bb _builder_version=\u00bb4.18.0&#8243; _module_preset=\u00bbdefault\u00bb title_text_color=\u00bb#FFFFFF\u00bb title_font=\u00bb|700|||||||\u00bb body_text_color=\u00bb#FFFFFF\u00bb background_color=\u00bb#0C71C3&#8243; hover_enabled=\u00bb0&#8243; global_colors_info=\u00bb{}\u00bb border_radii=\u00bbon|30px|30px|30px|30px\u00bb sticky_enabled=\u00bb0&#8243;]<\/p>\n<p style=\"text-align: justify;\">Es un estudio que nos ayuda a evaluar la respuesta muscular o la actividad el\u00e9ctrica producida por los m\u00fasculos esquel\u00e9ticos ayud\u00e1ndonos a evaluar el funcionamiento de los nervios perif\u00e9ricos. Este estudio se realiza tanto para evaluar los brazos y piernas cuando una persona tiene s\u00edntomas de debilidad, dolor o sensibilidad anormal. Este estudio nos puede ayudar a diferenciar entre debilidad muscular causada por lesi\u00f3n de un nervio fijado a un m\u00fasculo y debilidad debido a trastornos del sistema nervioso.<\/p>\n<p>[\/et_pb_toggle][et_pb_toggle title=\u00bb\u00bfQu\u00e9 es la mielopat\u00eda?\u00bb open_toggle_text_color=\u00bb#FFFFFF\u00bb _builder_version=\u00bb4.18.0&#8243; _module_preset=\u00bbdefault\u00bb title_text_color=\u00bb#FFFFFF\u00bb title_font=\u00bb|700|||||||\u00bb body_text_color=\u00bb#FFFFFF\u00bb background_color=\u00bb#0C71C3&#8243; hover_enabled=\u00bb0&#8243; global_colors_info=\u00bb{}\u00bb border_radii=\u00bbon|30px|30px|30px|30px\u00bb sticky_enabled=\u00bb0&#8243;]<\/p>\n<p style=\"text-align: justify;\">Es una enfermedad que afecta a la medula espinal, recordemos que la medula espinal se origina en la base del cr\u00e1neo y llega hasta la primera vertebra lumbar, en este caso la medula se ve lesionada en el trayecto de la columna cervical, la principal causa es degenerativa ocasionada por abombamiento de los discos, crecimiento de las articulaciones, ligamento que causa compresi\u00f3n de la medula, esta enfermedad es potencialmente discapacitante y es m\u00e1s frecuente en adultos mayores, cada vez es m\u00e1s frecuente ver esta enfermedad ya que la perspectiva de vida cada vez es mayor, es f\u00e1cil que se confunda esta enfermedad con Parkinson y otras causas de temblor o lo relacionan como un proceso normal a causa de la edad, estos pacientes mejoran mucho con un adecuado diagn\u00f3stico y tratamiento.<\/p>\n<p>[\/et_pb_toggle][et_pb_toggle title=\u00bb\u00bfCu\u00e1les son las principales causas de fractura y dolor en el adulto mayor?\u00bb open_toggle_text_color=\u00bb#FFFFFF\u00bb _builder_version=\u00bb4.18.0&#8243; _module_preset=\u00bbdefault\u00bb title_text_color=\u00bb#FFFFFF\u00bb title_font=\u00bb|700|||||||\u00bb body_text_color=\u00bb#FFFFFF\u00bb background_color=\u00bb#0C71C3&#8243; hover_enabled=\u00bb0&#8243; global_colors_info=\u00bb{}\u00bb border_radii=\u00bbon|30px|30px|30px|30px\u00bb sticky_enabled=\u00bb0&#8243;]<\/p>\n<p style=\"text-align: justify;\">En los pacientes mayores principalmente en las mujeres\u00a0 una causa de dolor repentino es una fractura del cuerpo vertebral de la columna por osteoporosis, en muchas ocasiones los pacientes no saben que tienen osteoporosis pero al realizar un m\u00ednimo esfuerzo como abrocharse los zapatos, agacharse flexionando su columna o cualquier esfuerzo puede ocasionar la fractura ya que no hay una adecuada calidad del hueso actualmente hay un tratamiento percut\u00e1neo regresando la calidad de vida del paciente de manera inmediata logrando movilizar al paciente de manera inmediata.<\/p>\n<p>[\/et_pb_toggle][et_pb_toggle title=\u00bb\u00bfQu\u00e9 es la radiculopat\u00eda cervical?\u00bb open_toggle_text_color=\u00bb#FFFFFF\u00bb _builder_version=\u00bb4.18.0&#8243; _module_preset=\u00bbdefault\u00bb title_text_color=\u00bb#FFFFFF\u00bb title_font=\u00bb|700|||||||\u00bb body_text_color=\u00bb#FFFFFF\u00bb background_color=\u00bb#0C71C3&#8243; hover_enabled=\u00bb0&#8243; global_colors_info=\u00bb{}\u00bb border_radii=\u00bbon|30px|30px|30px|30px\u00bb sticky_enabled=\u00bb0&#8243;]<\/p>\n<p style=\"text-align: justify;\">Una de las principales causas de la radiculopat\u00eda cervical es la hernia de disco, este padecimiento es com\u00fan en pacientes de 30 a 45 a\u00f1os de edad, en pacientes m\u00e1s j\u00f3venes se asocia accidentes con movimiento brusco del cuello, los principales s\u00edntomas son dolor de cuello que corre a hombro, brazo\u00a0 o manos, sensaci\u00f3n de descarga el\u00e9ctrica, entumecimiento, en casos mas severos puede acompa\u00f1arse de debilidad, en estos pacientes es importante realizar una adecuada exploraci\u00f3n f\u00edsica y apoyarnos de estudios de imagen para tener un adecuado diagnostico y tratamiento.<\/p>\n<p>[\/et_pb_toggle][et_pb_toggle title=\u00bb\u00bfCon qui\u00e9n acudir cuando se tiene un dolor de la columna?\u00bb open_toggle_text_color=\u00bb#FFFFFF\u00bb _builder_version=\u00bb4.18.0&#8243; _module_preset=\u00bbdefault\u00bb title_text_color=\u00bb#FFFFFF\u00bb title_font=\u00bb|700|||||||\u00bb body_text_color=\u00bb#FFFFFF\u00bb background_color=\u00bb#0C71C3&#8243; hover_enabled=\u00bb0&#8243; global_colors_info=\u00bb{}\u00bb border_radii=\u00bbon|30px|30px|30px|30px\u00bb sticky_enabled=\u00bb0&#8243;]<\/p>\n<p style=\"text-align: justify;\">Se debe acudir con un m\u00e9dico quien tenga la especialidad de ortopedia o neurocirug\u00eda y que aparte tenga estudios en cirug\u00eda de columna vertebral. Como tal el ortopedista y neurocirujano sin la subespecialidad no tienen todos los conocimientos para atender estas patolog\u00edas. Al ser uno de los principales padecimientos que causan incapacidad y siendo la 2da causa de consulta muchas personas sin la preparaci\u00f3n acad\u00e9mica atienden estas patolog\u00edas como quiropr\u00e1cticos, oste\u00f3patas o m\u00e9dicos generales con tratamientos conservadores como ozono, infiltraciones, manipulaciones etc. Como se coment\u00f3 en un 80% el dolor se auto limita cur\u00e1ndose por s\u00ed solo, no es tanto por los tratamientos que dan ese tipo de personas, ya hasta que empeora la sintomatolog\u00eda o se complican los casos buscan al especialista, no tema acudir con el experto este le dar\u00e1 opciones de tratamiento tanto conservadoras o quir\u00fargicas esto previo a tener un diagn\u00f3stico, no caiga con ese tipo de charlatanes actualmente existen las sociedades como el colegio mexicano de ortopedia, o la asociaci\u00f3n mexicana de cirujanos de columna en donde se le puede dar informaci\u00f3n sobre los m\u00e9dicos que tienen la preparaci\u00f3n para ofrecerle un adecuado tratamiento.<\/p>\n<p>[\/et_pb_toggle][\/et_pb_column][\/et_pb_row][\/et_pb_section]<\/p>\n","protected":false},"excerpt":{"rendered":"<p>Servicios Un diagn\u00f3stico y tratamiento oportuno marca la diferencia.\u00a1Que el dolor no sea parte de tu vida!Si has intentado con varios tratamientos, diferentes soluciones que resuelvan tu dolor de espalda o cuello y has visto que estos no son satisfactorios, es tiempo que consideres ser valorado por un experto en columna vertebral. El Dr. Luis [&hellip;]<\/p>\n","protected":false},"author":1,"featured_media":0,"parent":0,"menu_order":4,"comment_status":"closed","ping_status":"closed","template":"","meta":{"_et_pb_use_builder":"on","_et_pb_old_content":"","_et_gb_content_width":"","footnotes":""},"class_list":["post-16","page","type-page","status-publish","hentry"],"_links":{"self":[{"href":"https:\/\/drluisreyescolumna.com\/index.php\/wp-json\/wp\/v2\/pages\/16","targetHints":{"allow":["GET"]}}],"collection":[{"href":"https:\/\/drluisreyescolumna.com\/index.php\/wp-json\/wp\/v2\/pages"}],"about":[{"href":"https:\/\/drluisreyescolumna.com\/index.php\/wp-json\/wp\/v2\/types\/page"}],"author":[{"embeddable":true,"href":"https:\/\/drluisreyescolumna.com\/index.php\/wp-json\/wp\/v2\/users\/1"}],"replies":[{"embeddable":true,"href":"https:\/\/drluisreyescolumna.com\/index.php\/wp-json\/wp\/v2\/comments?post=16"}],"version-history":[{"count":11,"href":"https:\/\/drluisreyescolumna.com\/index.php\/wp-json\/wp\/v2\/pages\/16\/revisions"}],"predecessor-version":[{"id":283,"href":"https:\/\/drluisreyescolumna.com\/index.php\/wp-json\/wp\/v2\/pages\/16\/revisions\/283"}],"wp:attachment":[{"href":"https:\/\/drluisreyescolumna.com\/index.php\/wp-json\/wp\/v2\/media?parent=16"}],"curies":[{"name":"wp","href":"https:\/\/api.w.org\/{rel}","templated":true}]}}